{"id":1803,"date":"2015-09-02T18:46:42","date_gmt":"2015-09-02T19:46:42","guid":{"rendered":"http:\/\/blog.hwbk.de\/?page_id=1803"},"modified":"2025-12-02T11:07:37","modified_gmt":"2025-12-02T12:07:37","slug":"ausbildungsvorbereitung","status":"publish","type":"page","link":"https:\/\/hwbk.de\/WordPress_02\/bildungsgange\/berufsschule\/ausbildungsvorbereitung\/","title":{"rendered":"Ausbildungsvorbereitung\/Inklusion"},"content":{"rendered":"\n<h3 class=\"wp-block-heading\">Lernen mit und ohne F\u00f6rderschwerpunkt &#8211; gemeinsames Lernen<\/h3>\n\n\n\n<h2 class=\"wp-block-heading\" id=\"block-c0d53e30-67f3-468b-af74-e24df5080d40\">Ausbildungsvorbereitung<\/h2>\n\n\n\n<div class=\"wp-block-columns is-layout-flex wp-container-core-columns-is-layout-9d6595d7 wp-block-columns-is-layout-flex\">\n<div class=\"wp-block-column is-layout-flow wp-block-column-is-layout-flow\" style=\"flex-basis:75%\">\n<h5 class=\"wp-block-heading\"><strong>Schwerpunkte:<\/strong><\/h5>\n\n\n\n<ul class=\"wp-block-list\"><li>Ern\u00e4hrungs- und Versorgungsmanagement (AVPL)<\/li><li>Gesundheit\/ Erziehung und Soziales (AVGS)<\/li><\/ul>\n\n\n\n<p>Die Klassen der Ausbildungsvorbereitung bieten als einj\u00e4hrige Bildungsg\u00e4nge in Vollzeitform die M\u00f6glichkeit den Ersten Schulabschluss (ehem. Hauptschulabschluss) zu erwerben. Gleichzeitig erh\u00e4lt man \u00fcber den Praxisunterricht am Berufskolleg und Praktika die M\u00f6glichkeit, die berufliche Praxis in einem der beiden Schwerpunkte kennenzulernen.<\/p>\n\n\n\n<div class=\"wp-block-pb-accordion-item c-accordion__item js-accordion-item no-js\" data-initially-open=\"false\" data-click-to-close=\"true\" data-auto-close=\"true\" data-scroll=\"false\" data-scroll-offset=\"0\"><h4 id=\"at-45851\" class=\"c-accordion__title js-accordion-controller\" role=\"button\">Welche Voraussetzungen muss ich erf\u00fcllen?<\/h4><div id=\"ac-45851\" class=\"c-accordion__content\">\n<ul class=\"wp-block-list\"><li>Erf\u00fcllung der 10-j\u00e4hrigen allgemeinen Schulpflicht<\/li><li>noch kein Schulabschluss<\/li><li>Interesse an einem der beiden Schwerpunkte<\/li><\/ul>\n<\/div><\/div>\n\n\n\n<div class=\"wp-block-pb-accordion-item c-accordion__item js-accordion-item no-js\" data-initially-open=\"false\" data-click-to-close=\"true\" data-auto-close=\"true\" data-scroll=\"false\" data-scroll-offset=\"0\"><h4 id=\"at-95068\" class=\"c-accordion__title js-accordion-controller\" role=\"button\">Welchen Schulabschluss kann ich erreichen?<\/h4><div id=\"ac-95068\" class=\"c-accordion__content\">\n<ul class=\"wp-block-list\"><li>Erster Schulabschluss (ehem. Hauptschulabschluss nach Klasse 9)<\/li><\/ul>\n<\/div><\/div>\n\n\n\n<div class=\"wp-block-pb-accordion-item c-accordion__item js-accordion-item no-js\" data-initially-open=\"false\" data-click-to-close=\"true\" data-auto-close=\"true\" data-scroll=\"false\" data-scroll-offset=\"0\"><h4 id=\"at-752\" class=\"c-accordion__title js-accordion-controller\" role=\"button\">Welche Unterrichtsf\u00e4cher belege ich?<\/h4><div id=\"ac-752\" class=\"c-accordion__content\">\n<p>Im Bereich Ern\u00e4hrungs- und Versorgungsmanagement:<\/p>\n\n\n\n<ul class=\"wp-block-list\"><li>Lernfeldunterricht in: Betriebsorganisation, Dienstleistung, Produktion<\/li><\/ul>\n\n\n\n<p>Im Bereich Gesundheit\/ Erziehung und Soziales<\/p>\n\n\n\n<ul class=\"wp-block-list\"><li>Lernfeldunterricht in: Gesundheit und Pflege, Erziehung und Soziales, Personal- und Arbeitsorganisation<\/li><\/ul>\n\n\n\n<p>sowie in beiden Bereichen:<\/p>\n\n\n\n<ul class=\"wp-block-list\"><li>Deutsch\/ Kommunikation<\/li><li>Mathematik<\/li><li>Englisch<\/li><li>Wirtschafts- und Betriebslehre<\/li><li>Politik<\/li><li>Naturwissenschaften<\/li><li>Sport<\/li><\/ul>\n\n\n\n<p>Differenzierungsbereich:<\/p>\n\n\n\n<ul class=\"wp-block-list\"><li>Soziallehre<\/li><\/ul>\n<\/div><\/div>\n\n\n\n<div class=\"wp-block-pb-accordion-item c-accordion__item js-accordion-item no-js\" data-initially-open=\"false\" data-click-to-close=\"true\" data-auto-close=\"true\" data-scroll=\"false\" data-scroll-offset=\"0\"><h4 id=\"at-90761\" class=\"c-accordion__title js-accordion-controller\" role=\"button\">Welche Praktika absolviere ich?<\/h4><div id=\"ac-90761\" class=\"c-accordion__content\">\n<p>Im Bereich Ern\u00e4hrungs- und Versorgungsmanagement:<\/p>\n\n\n\n<ul class=\"wp-block-list\"><li>ein vierw\u00f6chiges Blockpraktikum in Betrieben des Bereichs<\/li><\/ul>\n\n\n\n<p>Im Bereich Gesundheit\/ Erziehung und Soziales<\/p>\n\n\n\n<ul class=\"wp-block-list\"><li>gesamt sieben Wochen Praktika in Einrichtungen des Bereichs sowie einen festen w\u00f6chentlichen Praxistag in der entsprechenden Einrichtung<\/li><\/ul>\n<\/div><\/div>\n\n\n\n<div class=\"wp-block-pb-accordion-item c-accordion__item js-accordion-item no-js\" data-initially-open=\"false\" data-click-to-close=\"true\" data-auto-close=\"true\" data-scroll=\"false\" data-scroll-offset=\"0\"><h4 id=\"at-31146\" class=\"c-accordion__title js-accordion-controller\" role=\"button\">Welche Besonderheiten bietet der Bildungsgang?<\/h4><div id=\"ac-31146\" class=\"c-accordion__content\">\n<ul class=\"wp-block-list\"><li>Verkn\u00fcpfung von Theorie und Praxis<\/li><li>in der Praxis gemeinsames Lernen und Arbeiten mit Sch\u00fcler\/innen mit dem F\u00f6rderschwerpunk Geistige Entwicklung<\/li><li>Begleitung durch die Sozialarbeiterin des Berufskollegs<\/li><\/ul>\n<\/div><\/div>\n\n\n\n<div class=\"wp-block-pb-accordion-item c-accordion__item js-accordion-item no-js\" data-initially-open=\"false\" data-click-to-close=\"true\" data-auto-close=\"true\" data-scroll=\"false\" data-scroll-offset=\"0\"><h4 id=\"at-17044\" class=\"c-accordion__title js-accordion-controller\" role=\"button\">Welche M\u00f6glichkeiten bieten sich mir mit dem Schulabschluss?<\/h4><div id=\"ac-17044\" class=\"c-accordion__content\">\n<ul class=\"wp-block-list\"><li>Besuch der Berufsfachschule zum Erwerb des Erweiterten Ersten Schulabschlusses (ehem. Hauptschulabschluss nach Klasse 10)<\/li><li>Absolvieren einer zweij\u00e4hrigen schulischen Ausbildung<\/li><li>Absolvieren einer dualen Berufsausbildung<\/li><\/ul>\n<\/div><\/div>\n\n\n\n<div class=\"wp-block-pb-accordion-item c-accordion__item js-accordion-item no-js\" data-initially-open=\"false\" data-click-to-close=\"true\" data-auto-close=\"true\" data-scroll=\"false\" data-scroll-offset=\"0\"><h4 id=\"at-44846\" class=\"c-accordion__title js-accordion-controller\" role=\"button\">Wie kann ich mich f\u00fcr den Bildungsgang anmelden?<\/h4><div id=\"ac-44846\" class=\"c-accordion__content\">\n<p>Bitte ab dem Halbjahr online anmelden unter <a href=\"http:\/\/www.schulbewerbung.de\/\" target=\"_blank\" rel=\"noreferrer noopener\">www.schulbewerbung.de<\/a>.<\/p>\n\n\n\n<p>Wir ben\u00f6tigen zus\u00e4tzlich dazu das Halbjahreszeugnis (beglaubigte Kopie) und einen aktuellen tabellarischen Lebenslauf.<\/p>\n<\/div><\/div>\n\n\n\n<div class=\"wp-block-pb-accordion-item c-accordion__item js-accordion-item no-js\" data-initially-open=\"false\" data-click-to-close=\"true\" data-auto-close=\"true\" data-scroll=\"false\" data-scroll-offset=\"0\"><h4 id=\"at-11536\" class=\"c-accordion__title js-accordion-controller\" role=\"button\">Flyer zum Bildungsgang<\/h4><div id=\"ac-11536\" class=\"c-accordion__content\">\n<p>Flyer werden aktualisiert (Stand 08.12.22)<\/p>\n<\/div><\/div>\n<\/div>\n\n\n\n<div class=\"wp-block-column is-layout-flow wp-block-column-is-layout-flow\" style=\"flex-basis:25%\">\n<h4 class=\"wp-block-heading\">Ansprechpartnerin<\/h4>\n\n\n\n<p>Frau Lill<\/p>\n\n\n\n<p>\u2709 <a href=\"mailto:lill@hwbk.de\">lill@hwbk.de<\/a><\/p>\n\n\n\n<p>\u260e 05251\/1423-200<\/p>\n\n\n\n<figure class=\"wp-block-embed is-type-video is-provider-youtube wp-block-embed-youtube wp-embed-aspect-16-9 wp-has-aspect-ratio\"><div class=\"wp-block-embed__wrapper\">\n<iframe loading=\"lazy\"  id=\"_ytid_26208\"  width=\"480\" height=\"270\"  data-origwidth=\"480\" data-origheight=\"270\" src=\"https:\/\/www.youtube.com\/embed\/H2kAvgwi-1A?enablejsapi=1&#038;autoplay=0&#038;cc_load_policy=0&#038;cc_lang_pref=&#038;iv_load_policy=1&#038;loop=0&#038;rel=0&#038;fs=1&#038;playsinline=0&#038;autohide=2&#038;theme=dark&#038;color=red&#038;controls=1&#038;disablekb=0&#038;\" class=\"__youtube_prefs__  epyt-is-override  no-lazyload\" title=\"YouTube player\"  allow=\"fullscreen; accelerometer; autoplay; clipboard-write; encrypted-media; gyroscope; picture-in-picture; web-share\" referrerpolicy=\"strict-origin-when-cross-origin\" allowfullscreen data-no-lazy=\"1\" data-skipgform_ajax_framebjll=\"\"><\/iframe>\n<\/div><figcaption>Frau Bugdoll berichtet \u00fcber die Ausbildungsvorbereitung<\/figcaption><\/figure>\n\n\n\n<figure class=\"wp-block-embed is-type-video is-provider-youtube wp-block-embed-youtube wp-embed-aspect-16-9 wp-has-aspect-ratio\"><div class=\"wp-block-embed__wrapper\">\n<iframe loading=\"lazy\"  id=\"_ytid_35428\"  width=\"480\" height=\"270\"  data-origwidth=\"480\" data-origheight=\"270\" src=\"https:\/\/www.youtube.com\/embed\/ZYHOuYi6E-A?enablejsapi=1&#038;autoplay=0&#038;cc_load_policy=0&#038;cc_lang_pref=&#038;iv_load_policy=1&#038;loop=0&#038;rel=0&#038;fs=1&#038;playsinline=0&#038;autohide=2&#038;theme=dark&#038;color=red&#038;controls=1&#038;disablekb=0&#038;\" class=\"__youtube_prefs__  epyt-is-override  no-lazyload\" title=\"YouTube player\"  allow=\"fullscreen; accelerometer; autoplay; clipboard-write; encrypted-media; gyroscope; picture-in-picture; web-share\" referrerpolicy=\"strict-origin-when-cross-origin\" allowfullscreen data-no-lazy=\"1\" data-skipgform_ajax_framebjll=\"\"><\/iframe>\n<\/div><figcaption>Szenen aus dem Pausenladen<\/figcaption><\/figure>\n<\/div>\n<\/div>\n\n\n\n<h2 class=\"wp-block-heading\">Ausbildungsvorbereitung Inklusion<\/h2>\n\n\n\n<figure class=\"wp-block-image size-medium is-resized\"><img loading=\"lazy\" decoding=\"async\" src=\"https:\/\/hwbk.de\/WordPress_02\/wp-content\/uploads\/2023\/05\/Klassenfahrt-AVPLI-4-300x225.jpg\" alt=\"\" class=\"wp-image-6192\" width=\"300\" height=\"225\" srcset=\"https:\/\/hwbk.de\/WordPress_02\/wp-content\/uploads\/2023\/05\/Klassenfahrt-AVPLI-4-300x225.jpg 300w, https:\/\/hwbk.de\/WordPress_02\/wp-content\/uploads\/2023\/05\/Klassenfahrt-AVPLI-4-128x96.jpg 128w, https:\/\/hwbk.de\/WordPress_02\/wp-content\/uploads\/2023\/05\/Klassenfahrt-AVPLI-4-768x576.jpg 768w, https:\/\/hwbk.de\/WordPress_02\/wp-content\/uploads\/2023\/05\/Klassenfahrt-AVPLI-4.jpg 1024w\" sizes=\"auto, (max-width: 300px) 100vw, 300px\" \/><\/figure>\n\n\n\n<figure class=\"wp-block-image size-medium\"><img loading=\"lazy\" decoding=\"async\" width=\"300\" height=\"225\" src=\"https:\/\/hwbk.de\/WordPress_02\/wp-content\/uploads\/2024\/06\/IMG_2234-300x225.jpeg\" alt=\"\" class=\"wp-image-6693\" srcset=\"https:\/\/hwbk.de\/WordPress_02\/wp-content\/uploads\/2024\/06\/IMG_2234-300x225.jpeg 300w, https:\/\/hwbk.de\/WordPress_02\/wp-content\/uploads\/2024\/06\/IMG_2234-1024x768.jpeg 1024w, https:\/\/hwbk.de\/WordPress_02\/wp-content\/uploads\/2024\/06\/IMG_2234-128x96.jpeg 128w, https:\/\/hwbk.de\/WordPress_02\/wp-content\/uploads\/2024\/06\/IMG_2234-768x576.jpeg 768w, https:\/\/hwbk.de\/WordPress_02\/wp-content\/uploads\/2024\/06\/IMG_2234-1536x1152.jpeg 1536w, https:\/\/hwbk.de\/WordPress_02\/wp-content\/uploads\/2024\/06\/IMG_2234-2048x1536.jpeg 2048w\" sizes=\"auto, (max-width: 300px) 100vw, 300px\" \/><\/figure>\n\n\n\n<p>Dieser Bildungsgang richtet sich an Sch\u00fclerinnen und Sch\u00fcler mit dem F\u00f6rderschwerpunkt Geistige Entwicklung.<\/p>\n\n\n\n<h5 class=\"wp-block-heading\"><strong>Schwerpunkte:<\/strong><\/h5>\n\n\n\n<ul class=\"wp-block-list\"><li>Ern\u00e4hrungs- und Versorgungsmanagement (AVPLI &#8211; <a href=\"https:\/\/hwbk.de\/WordPress_02\/?p=2212\">zum Artikel<\/a>)<\/li><li>Gesundheit\/ Erziehung und Soziales (AVGSI)<\/li><\/ul>\n\n\n\n<p>F\u00fcr weitere Informationen melden Sie sich bitte bei Frau Lill (<a href=\"mailto:lill@hwbk.de\">lill@hwbk.de<\/a>).<\/p>\n","protected":false},"excerpt":{"rendered":"<p>Lernen mit und ohne F\u00f6rderschwerpunkt &#8211; gemeinsames Lernen Ausbildungsvorbereitung Schwerpunkte: Ern\u00e4hrungs- und Versorgungsmanagement (AVPL) Gesundheit\/ Erziehung und Soziales (AVGS) Die Klassen der Ausbildungsvorbereitung bieten als einj\u00e4hrige Bildungsg\u00e4nge in Vollzeitform die M\u00f6glichkeit den Ersten Schulabschluss (ehem. Hauptschulabschluss) zu erwerben. Gleichzeitig erh\u00e4lt &hellip; <a href=\"https:\/\/hwbk.de\/WordPress_02\/bildungsgange\/berufsschule\/ausbildungsvorbereitung\/\">Continue reading <span class=\"meta-nav\">&rarr;<\/span><\/a><\/p>\n","protected":false},"author":8,"featured_media":0,"parent":856,"menu_order":5,"comment_status":"closed","ping_status":"closed","template":"","meta":{"footnotes":""},"class_list":["post-1803","page","type-page","status-publish","hentry"],"_links":{"self":[{"href":"https:\/\/hwbk.de\/WordPress_02\/wp-json\/wp\/v2\/pages\/1803","targetHints":{"allow":["GET"]}}],"collection":[{"href":"https:\/\/hwbk.de\/WordPress_02\/wp-json\/wp\/v2\/pages"}],"about":[{"href":"https:\/\/hwbk.de\/WordPress_02\/wp-json\/wp\/v2\/types\/page"}],"author":[{"embeddable":true,"href":"https:\/\/hwbk.de\/WordPress_02\/wp-json\/wp\/v2\/users\/8"}],"replies":[{"embeddable":true,"href":"https:\/\/hwbk.de\/WordPress_02\/wp-json\/wp\/v2\/comments?post=1803"}],"version-history":[{"count":31,"href":"https:\/\/hwbk.de\/WordPress_02\/wp-json\/wp\/v2\/pages\/1803\/revisions"}],"predecessor-version":[{"id":7285,"href":"https:\/\/hwbk.de\/WordPress_02\/wp-json\/wp\/v2\/pages\/1803\/revisions\/7285"}],"up":[{"embeddable":true,"href":"https:\/\/hwbk.de\/WordPress_02\/wp-json\/wp\/v2\/pages\/856"}],"wp:attachment":[{"href":"https:\/\/hwbk.de\/WordPress_02\/wp-json\/wp\/v2\/media?parent=1803"}],"curies":[{"name":"wp","href":"https:\/\/api.w.org\/{rel}","templated":true}]}}